{"id":741,"date":"2025-07-23T16:02:15","date_gmt":"2025-07-23T14:02:15","guid":{"rendered":"https:\/\/at.devbs.de\/?page_id=741"},"modified":"2025-10-30T15:59:19","modified_gmt":"2025-10-30T14:59:19","slug":"architektur","status":"publish","type":"page","link":"https:\/\/quartier.amtacheles.de\/de\/architektur\/","title":{"rendered":"Architektur"},"content":{"rendered":"<header class=\"page-header\">\n        <div class=\"spacer logo pt-md-5\"><\/div>\n    <div id=\"\" class=\"container-fluid siteHeader storeHeader pt-md-5\">\n        <div class=\"container-xl pt-xl-5 px-lg-5\">\n            <div class=\"row pt-xl-5\">\n                <!-- Back Button ------------------ -->\n                <div class=\"col-4\">\n                    <a href=\"\/de\/\" id=\"return\" class=\"d-flex align-items-center cDark\" aria-label=\"Zur\u00fcck\">\n                        <svg class=\"me-3\" aria-hidden=\"true\" xmlns=\"http:\/\/www.w3.org\/2000\/svg\" width=\"18.981\" height=\"20.357\" viewbox=\"0 0 18.981 20.357\">\n                            <g id=\"Gruppe_429\" data-name=\"Gruppe 429\" transform=\"translate(862.439 2616.193) rotate(-180)\">\n                                <g id=\"Gruppe_415\" data-name=\"Gruppe 415\" transform=\"translate(844.958 2597.957)\">\n                                    <path id=\"Pfad_3727\" data-name=\"Pfad 3727\" d=\"M0,0,8.057,8.057,0,16.114\" transform=\"translate(7.924 0)\" fill=\"none\" stroke=\"#3a3b38\" stroke-linecap=\"round\" stroke-linejoin=\"round\" stroke-width=\"3\" \/>\n                                    <path id=\"Pfad_3728\" data-name=\"Pfad 3728\" d=\"M15.849,0H0\" transform=\"translate(0 8.058)\" fill=\"none\" stroke=\"#3a3b38\" stroke-linecap=\"round\" stroke-width=\"3\" \/>\n                                <\/g>\n                            <\/g>\n                        <\/svg>\n                        <span>Zur\u00fcck<\/span>\n                    <\/a>\n                <\/div>\n                                    <!-- Indicator ------------------ -->\n                    <div class=\"col-4 text-center\">\n                        <div class=\"secInd text-uppercase cOrange\">\n                            Angebote                        <\/div>\n                    <\/div>\n                                <!-- Spacer ------------------ -->\n                <div class=\"col-4\"><\/div>\n                                <div class=\"col-12 fCenter flex-column pb-5\">\n                    \n                    <!-- Title ------------------ -->\n                                        <h1 class=\"h-3xl text-center mb-4 hyphensOff\" >\n                        Architektur                    <\/h1>\n                    <!-- Subtitle ------------------ -->\n                                            <div class=\"f-lg text-center mw-lg\">\n                            Dies ist Architektur als Haltung. Ein modernes Stadtquartier, das die Geschichte ehrt und die Zukunft gestaltet.                        <\/div>\n                    \n                                    <\/div>\n            <\/div>\n        <\/div>\n    <\/div>\n            <div class=\"container-fluid storeHero px-0\">\n            <div class=\"hero_main_img__wrapper\">\n                <img decoding=\"async\" class=\"hero_main_img\" src=\"https:\/\/quartier.amtacheles.de\/wp-content\/uploads\/at-hero-architecture-1.webp\" alt=\"\">\n                <img decoding=\"async\" class=\"hero_main_img__deco\" src=\"\/wp-content\/uploads\/at-store-template.svg\" alt=\"\">\n            <\/div>\n        <\/div>\n    <\/header>\n\n\n<div id=\"intro\" class=\"wp-block-group iAos data-aos_fade-in is-vertical is-content-justification-center is-nowrap is-layout-flex wp-container-core-group-is-layout-1fa90d01 wp-block-group-is-layout-flex\" style=\"padding-top:2rem;padding-right:0rem;padding-bottom:0rem;padding-left:0rem\"><div class=\"wp-bootstrap-blocks-container container-fluid mb-0 px-lg-5\">\n\t\n<div class=\"wp-bootstrap-blocks-container container-xl mb-0 pt-lg-5\">\n\t\n<div class=\"wp-bootstrap-blocks-row row pt-5\">\n\t\n\n<div class=\"col-12 fCenter flex-column text-center z-n1  order-1\">\n\t\t\t\n\n<p class=\"has-text-align-center is-style-secInd\">AM TACHELES<\/p>\n\n\n\n\n\n<\/p>\n\n\n\n<p class=\"has-text-align-center is-style-h-4xl br-mobile-no trp-translate-no\"> Namenhafte <strong>Architektur,<\/strong> <br><em>die<\/em> <strong>Ma\u00dfst\u00e4be<\/strong> <em>setzt<\/em>.<\/p>\n\n\n<p>\n\n\t<\/div>\n\n\n\n<div class=\"col-12 col-md-5 img_parallax_wrapper z-n2 order-3 order-md-2\">\n\t\t\t\n\n<figure class=\"wp-block-image size-full img_parallax_item intro_img big\"><img loading=\"lazy\" decoding=\"async\" width=\"1600\" height=\"1600\" src=\"https:\/\/quartier.amtacheles.de\/wp-content\/uploads\/at-mood-trees-2.webp\" alt=\"AM TACHELES mit B\u00e4umen\" class=\"wp-image-1369\" srcset=\"https:\/\/quartier.amtacheles.de\/wp-content\/uploads\/at-mood-trees-2.webp 1600w, https:\/\/quartier.amtacheles.de\/wp-content\/uploads\/at-mood-trees-2-300x300.webp 300w, https:\/\/quartier.amtacheles.de\/wp-content\/uploads\/at-mood-trees-2-1024x1024.webp 1024w, https:\/\/quartier.amtacheles.de\/wp-content\/uploads\/at-mood-trees-2-150x150.webp 150w, https:\/\/quartier.amtacheles.de\/wp-content\/uploads\/at-mood-trees-2-768x768.webp 768w, https:\/\/quartier.amtacheles.de\/wp-content\/uploads\/at-mood-trees-2-1536x1536.webp 1536w, https:\/\/quartier.amtacheles.de\/wp-content\/uploads\/at-mood-trees-2-12x12.webp 12w\" sizes=\"auto, (max-width: 1600px) 100vw, 1600px\" \/><\/figure>\n\n\t<\/div>\n\n\n\n<div class=\"col-12 col-md-7 pt-5 ps-lg-5 order-2 order-md-3\">\n\t\t\t\n\n<p>Wie denkt man Architektur, die keine Kompromisse macht? Kann es gelingen, aus einer Vielfalt kreativer Kr\u00e4fte eine inspirierende Einheit zu schaffen? Was passiert, wenn man Architektur als Kultur versteht?<\/p>\n\n\n\n<p>Das neue Stadtquartier mit seiner enormen Dimension und Diversit\u00e4t gestalten Herzog &amp; de Meuron aus Basel gemeinsam mit den renommierten Berliner Architekturb\u00fcros Gr\u00fcntuch Ernst Architekten sowie Brandlhuber+ Muck Petzet. Die Schweizer Architekten haben dabei die k\u00fcnstlerische Leitung inne und stellen sicher, dass mit AM TACHELES trotz der Vielfalt an Geb\u00e4udetypologien ein harmonisches, ausbalanciertes Ensemble existiert. Unterst\u00fctzt werden sie bei der Planung durch Aukett + Heese, sowie RKW Architektur + und Vogt Landschaft GmbH bei der Au\u00dfenraumplanung.<\/p>\n\n\t<\/div>\n\n<\/div>\n\n<\/div>\n\n<\/div>\n<\/div>\n\n\n\n<div class=\"wp-block-group is-vertical is-content-justification-center is-nowrap is-layout-flex wp-container-core-group-is-layout-1f991c2f wp-block-group-is-layout-flex\" style=\"padding-top:2rem;padding-right:0rem;padding-bottom:2rem;padding-left:0rem\"><div class=\"wp-bootstrap-blocks-container container-fluid mb-0\">\n\t\n<div class=\"wp-bootstrap-blocks-container container-xl mb-0 px-lg-5\">\n\t\n<div class=\"wp-bootstrap-blocks-row row\">\n\t\n\n<div class=\"col-12 col-lg-8 iAos data-aos_fade-in\">\n\t\t\t\n\n<p class=\"is-style-h-xl has-orange-color has-text-color has-link-color wp-elements-fcd9532f9c250cfc35439e9b4cf4e729\" style=\"text-transform:uppercase\">Kosmopolitisch und mit Strahlkraft<\/p>\n\n\n\n<p class=\"mb-0\">F\u00fcnf der zehn Geb\u00e4ude stammen aus der Feder von Herzog &amp; de Meuron. Die Architekten und Masterplaner wurden seit Gr\u00fcndung ihres B\u00fcros 1978 mit zahlreichen bedeutenden internationalen Architekturpreisen ausgezeichnet. Mit ihren Entw\u00fcrfen schaffen sie etwas wahrhaft Einzigartiges f\u00fcr den jeweiligen Ort. Ihrem Ruf als kompromisslose und die Architekturkunst und -kultur vorantreibende Kreative werden sie mit diesem Projekt mehr als gerecht. Gemeinsam mit dem Berliner Architekturb\u00fcro Aukett + Heese waren Herzog &amp; de Meuron zudem f\u00fcr die aufwendige und sensible Sanierung des ehemaligen Kunsthaus Tacheles verantwortlich. Sie bewahrten dabei den historischen Charakter des Geb\u00e4udes und interpretierten ihn behutsam und auf zeitgem\u00e4\u00dfe Art neu.<\/p>\n\n\t<\/div>\n\n\n\n<div class=\"col-12 py-3 py-lg-5 iAos data-aos_fade-in\">\n\t\t\t\n\n<figure class=\"wp-block-image size-full\"><img loading=\"lazy\" decoding=\"async\" width=\"1680\" height=\"600\" src=\"https:\/\/quartier.amtacheles.de\/wp-content\/uploads\/at_arch_021.webp\" alt=\"\" class=\"wp-image-1714\" srcset=\"https:\/\/quartier.amtacheles.de\/wp-content\/uploads\/at_arch_021.webp 1680w, https:\/\/quartier.amtacheles.de\/wp-content\/uploads\/at_arch_021-300x107.webp 300w, https:\/\/quartier.amtacheles.de\/wp-content\/uploads\/at_arch_021-1024x366.webp 1024w, https:\/\/quartier.amtacheles.de\/wp-content\/uploads\/at_arch_021-768x274.webp 768w, https:\/\/quartier.amtacheles.de\/wp-content\/uploads\/at_arch_021-1536x549.webp 1536w, https:\/\/quartier.amtacheles.de\/wp-content\/uploads\/at_arch_021-18x6.webp 18w\" sizes=\"auto, (max-width: 1680px) 100vw, 1680px\" \/><\/figure>\n\n\t<\/div>\n\n\n\n<div class=\"col-12 col-lg-8 iAos data-aos_fade-in offset-lg-4\">\n\t\t\t\n\n<p class=\"is-style-h-xl has-orange-color has-text-color has-link-color wp-elements-657f24fc538a379c30f72494bc2df6cf\" style=\"text-transform:uppercase\">Meister moderner Architektursprache<\/p>\n\n\n\n<p>Das Architekturb\u00fcro Gr\u00fcntuch Ernst war unter den Ersten, die mit zeitgen\u00f6ssischer Architektur die Baul\u00fccken in Mitte erschlossen haben. Im Stadtquartier AM TACHELES haben sie ein B\u00fcrogeb\u00e4ude und zwei Wohnh\u00e4user umgesetzt. Mit ruhiger, klarer Gestaltungssprache finden die individuellen Geb\u00e4ude ihre selbstverst\u00e4ndliche Rolle innerhalb des Gef\u00fcges und tragen zur k\u00fcnstlerischen Diversit\u00e4t bei.<\/p>\n\n\n\n<p>Brandlhuber+ Muck Petzet Architekten finden architektonische Antworten auf aktuelle Fragen des zuk\u00fcnftigen urbanen Lebens. Das Ergebnis: entschlossene Strukturen, die flexibel genutzt werden k\u00f6nnen und in diesem Sinne wirklich nachhaltig sind. Und das definiert auch ihren Beitrag zu AM TACHELES: zwei Wohnh\u00e4user, die bis ins kleinste Detail durchdacht sind und den k\u00fchnen, avantgardistischen Architekturstil des Stadtquartiers unterstreichen.<\/p>\n\n\t<\/div>\n\n<\/div>\n\n<\/div>\n\n<\/div>\n<\/div>","protected":false},"excerpt":{"rendered":"","protected":false},"author":1,"featured_media":0,"parent":0,"menu_order":0,"comment_status":"closed","ping_status":"closed","template":"","meta":{"inline_featured_image":false,"footnotes":""},"class_list":["post-741","page","type-page","status-publish","hentry"],"yoast_head":"<!-- This site is optimized with the Yoast SEO plugin v26.4 - https:\/\/yoast.com\/wordpress\/plugins\/seo\/ -->\n<title>Architecture - AM TACHELES<\/title>\n<meta name=\"robots\" content=\"index, follow, max-snippet:-1, max-image-preview:large, max-video-preview:-1\" \/>\n<link rel=\"canonical\" href=\"https:\/\/quartier.amtacheles.de\/de\/architektur\/\" \/>\n<meta property=\"og:locale\" content=\"de_DE\" \/>\n<meta property=\"og:type\" content=\"article\" \/>\n<meta property=\"og:title\" content=\"Architecture - AM TACHELES\" \/>\n<meta property=\"og:url\" content=\"https:\/\/quartier.amtacheles.de\/de\/architektur\/\" \/>\n<meta property=\"og:site_name\" content=\"AM TACHELES\" \/>\n<meta property=\"article:publisher\" content=\"https:\/\/www.facebook.com\/amtacheles\" \/>\n<meta property=\"article:modified_time\" content=\"2025-10-30T14:59:19+00:00\" \/>\n<meta property=\"og:image\" content=\"https:\/\/quartier.amtacheles.de\/wp-content\/uploads\/at-mood-trees-2.webp\" \/>\n<meta name=\"twitter:card\" content=\"summary_large_image\" \/>\n<meta name=\"twitter:label1\" content=\"Gesch\u00e4tzte Lesezeit\" \/>\n\t<meta name=\"twitter:data1\" content=\"2\u00a0Minuten\" \/>\n<script type=\"application\/ld+json\" class=\"yoast-schema-graph\">{\"@context\":\"https:\/\/schema.org\",\"@graph\":[{\"@type\":\"WebPage\",\"@id\":\"https:\/\/quartier.amtacheles.de\/architecture\/\",\"url\":\"https:\/\/quartier.amtacheles.de\/architecture\/\",\"name\":\"Architecture - AM TACHELES\",\"isPartOf\":{\"@id\":\"https:\/\/quartier.amtacheles.de\/#website\"},\"primaryImageOfPage\":{\"@id\":\"https:\/\/quartier.amtacheles.de\/architecture\/#primaryimage\"},\"image\":{\"@id\":\"https:\/\/quartier.amtacheles.de\/architecture\/#primaryimage\"},\"thumbnailUrl\":\"https:\/\/quartier.amtacheles.de\/wp-content\/uploads\/at-mood-trees-2.webp\",\"datePublished\":\"2025-07-23T14:02:15+00:00\",\"dateModified\":\"2025-10-30T14:59:19+00:00\",\"breadcrumb\":{\"@id\":\"https:\/\/quartier.amtacheles.de\/architecture\/#breadcrumb\"},\"inLanguage\":\"de\",\"potentialAction\":[{\"@type\":\"ReadAction\",\"target\":[\"https:\/\/quartier.amtacheles.de\/architecture\/\"]}]},{\"@type\":\"ImageObject\",\"inLanguage\":\"de\",\"@id\":\"https:\/\/quartier.amtacheles.de\/architecture\/#primaryimage\",\"url\":\"https:\/\/quartier.amtacheles.de\/wp-content\/uploads\/at-mood-trees-2.webp\",\"contentUrl\":\"https:\/\/quartier.amtacheles.de\/wp-content\/uploads\/at-mood-trees-2.webp\"},{\"@type\":\"BreadcrumbList\",\"@id\":\"https:\/\/quartier.amtacheles.de\/architecture\/#breadcrumb\",\"itemListElement\":[{\"@type\":\"ListItem\",\"position\":1,\"name\":\"Startseite\",\"item\":\"https:\/\/quartier.amtacheles.de\/\"},{\"@type\":\"ListItem\",\"position\":2,\"name\":\"Architecture\"}]},{\"@type\":\"WebSite\",\"@id\":\"https:\/\/quartier.amtacheles.de\/#website\",\"url\":\"https:\/\/quartier.amtacheles.de\/\",\"name\":\"AM TACHELES\",\"description\":\"Not your average Berlin backyard.\",\"publisher\":{\"@id\":\"https:\/\/quartier.amtacheles.de\/#organization\"},\"potentialAction\":[{\"@type\":\"SearchAction\",\"target\":{\"@type\":\"EntryPoint\",\"urlTemplate\":\"https:\/\/quartier.amtacheles.de\/?s={search_term_string}\"},\"query-input\":{\"@type\":\"PropertyValueSpecification\",\"valueRequired\":true,\"valueName\":\"search_term_string\"}}],\"inLanguage\":\"de\"},{\"@type\":\"Organization\",\"@id\":\"https:\/\/quartier.amtacheles.de\/#organization\",\"name\":\"AM TACHELES\",\"url\":\"https:\/\/quartier.amtacheles.de\/\",\"logo\":{\"@type\":\"ImageObject\",\"inLanguage\":\"de\",\"@id\":\"https:\/\/quartier.amtacheles.de\/#\/schema\/logo\/image\/\",\"url\":\"https:\/\/quartier.amtacheles.de\/wp-content\/uploads\/at-logo-plane-orange.svg\",\"contentUrl\":\"https:\/\/quartier.amtacheles.de\/wp-content\/uploads\/at-logo-plane-orange.svg\",\"width\":81,\"height\":109,\"caption\":\"AM TACHELES\"},\"image\":{\"@id\":\"https:\/\/quartier.amtacheles.de\/#\/schema\/logo\/image\/\"},\"sameAs\":[\"https:\/\/www.facebook.com\/amtacheles\",\"https:\/\/www.instagram.com\/am.tacheles\",\"https:\/\/www.youtube.com\/@AMTACHELES\",\"https:\/\/www.linkedin.com\/company\/amtacheles\/\"]}]}<\/script>\n<!-- \/ Yoast SEO plugin. -->","yoast_head_json":{"title":"Architektur - AM TACHELES","robots":{"index":"index","follow":"follow","max-snippet":"max-snippet:-1","max-image-preview":"max-image-preview:large","max-video-preview":"max-video-preview:-1"},"canonical":"https:\/\/quartier.amtacheles.de\/de\/architektur\/","og_locale":"de_DE","og_type":"article","og_title":"Architecture - AM TACHELES","og_url":"https:\/\/quartier.amtacheles.de\/de\/architektur\/","og_site_name":"AM TACHELES","article_publisher":"https:\/\/www.facebook.com\/amtacheles","article_modified_time":"2025-10-30T14:59:19+00:00","og_image":[{"url":"https:\/\/quartier.amtacheles.de\/wp-content\/uploads\/at-mood-trees-2.webp","type":"","width":"","height":""}],"twitter_card":"summary_large_image","twitter_misc":{"Gesch\u00e4tzte Lesezeit":"2\u00a0Minuten"},"schema":{"@context":"https:\/\/schema.org","@graph":[{"@type":"WebPage","@id":"https:\/\/quartier.amtacheles.de\/architecture\/","url":"https:\/\/quartier.amtacheles.de\/architecture\/","name":"Architektur - AM TACHELES","isPartOf":{"@id":"https:\/\/quartier.amtacheles.de\/#website"},"primaryImageOfPage":{"@id":"https:\/\/quartier.amtacheles.de\/architecture\/#primaryimage"},"image":{"@id":"https:\/\/quartier.amtacheles.de\/architecture\/#primaryimage"},"thumbnailUrl":"https:\/\/quartier.amtacheles.de\/wp-content\/uploads\/at-mood-trees-2.webp","datePublished":"2025-07-23T14:02:15+00:00","dateModified":"2025-10-30T14:59:19+00:00","breadcrumb":{"@id":"https:\/\/quartier.amtacheles.de\/architecture\/#breadcrumb"},"inLanguage":"de","potentialAction":[{"@type":"ReadAction","target":["https:\/\/quartier.amtacheles.de\/architecture\/"]}]},{"@type":"ImageObject","inLanguage":"de","@id":"https:\/\/quartier.amtacheles.de\/architecture\/#primaryimage","url":"https:\/\/quartier.amtacheles.de\/wp-content\/uploads\/at-mood-trees-2.webp","contentUrl":"https:\/\/quartier.amtacheles.de\/wp-content\/uploads\/at-mood-trees-2.webp"},{"@type":"BreadcrumbList","@id":"https:\/\/quartier.amtacheles.de\/architecture\/#breadcrumb","itemListElement":[{"@type":"ListItem","position":1,"name":"Startseite","item":"https:\/\/quartier.amtacheles.de\/"},{"@type":"ListItem","position":2,"name":"Architecture"}]},{"@type":"WebSite","@id":"https:\/\/quartier.amtacheles.de\/#website","url":"https:\/\/quartier.amtacheles.de\/","name":"AM TACHELES","description":"Nicht der durchschnittliche Berliner Hinterhof.","publisher":{"@id":"https:\/\/quartier.amtacheles.de\/#organization"},"potentialAction":[{"@type":"SearchAction","target":{"@type":"EntryPoint","urlTemplate":"https:\/\/quartier.amtacheles.de\/?s={search_term_string}"},"query-input":{"@type":"PropertyValueSpecification","valueRequired":true,"valueName":"search_term_string"}}],"inLanguage":"de"},{"@type":"Organization","@id":"https:\/\/quartier.amtacheles.de\/#organization","name":"AM TACHELES","url":"https:\/\/quartier.amtacheles.de\/","logo":{"@type":"ImageObject","inLanguage":"de","@id":"https:\/\/quartier.amtacheles.de\/#\/schema\/logo\/image\/","url":"https:\/\/quartier.amtacheles.de\/wp-content\/uploads\/at-logo-plane-orange.svg","contentUrl":"https:\/\/quartier.amtacheles.de\/wp-content\/uploads\/at-logo-plane-orange.svg","width":81,"height":109,"caption":"AM TACHELES"},"image":{"@id":"https:\/\/quartier.amtacheles.de\/#\/schema\/logo\/image\/"},"sameAs":["https:\/\/www.facebook.com\/amtacheles","https:\/\/www.instagram.com\/am.tacheles","https:\/\/www.youtube.com\/@AMTACHELES","https:\/\/www.linkedin.com\/company\/amtacheles\/"]}]}},"acf":[],"_links":{"self":[{"href":"https:\/\/quartier.amtacheles.de\/de\/wp-json\/wp\/v2\/pages\/741","targetHints":{"allow":["GET"]}}],"collection":[{"href":"https:\/\/quartier.amtacheles.de\/de\/wp-json\/wp\/v2\/pages"}],"about":[{"href":"https:\/\/quartier.amtacheles.de\/de\/wp-json\/wp\/v2\/types\/page"}],"author":[{"embeddable":true,"href":"https:\/\/quartier.amtacheles.de\/de\/wp-json\/wp\/v2\/users\/1"}],"replies":[{"embeddable":true,"href":"https:\/\/quartier.amtacheles.de\/de\/wp-json\/wp\/v2\/comments?post=741"}],"version-history":[{"count":52,"href":"https:\/\/quartier.amtacheles.de\/de\/wp-json\/wp\/v2\/pages\/741\/revisions"}],"predecessor-version":[{"id":2039,"href":"https:\/\/quartier.amtacheles.de\/de\/wp-json\/wp\/v2\/pages\/741\/revisions\/2039"}],"wp:attachment":[{"href":"https:\/\/quartier.amtacheles.de\/de\/wp-json\/wp\/v2\/media?parent=741"}],"curies":[{"name":"wp","href":"https:\/\/api.w.org\/{rel}","templated":true}]}}